

{"id":1359,"date":"2025-02-13T15:39:52","date_gmt":"2025-02-13T15:39:52","guid":{"rendered":"https:\/\/nuriaanglarill.com\/retiros\/"},"modified":"2025-03-12T15:27:01","modified_gmt":"2025-03-12T15:27:01","slug":"retirs-a-casa-mariona","status":"publish","type":"page","link":"https:\/\/nuriaanglarill.com\/ca\/retirs-a-casa-mariona\/","title":{"rendered":"Retirs"},"content":{"rendered":"<p><div class=\"fusion-fullwidth fullwidth-box fusion-builder-row-1 fusion-flex-container has-pattern-background has-mask-background fusion-parallax-none nonhundred-percent-fullwidth non-hundred-percent-height-scrolling\" style=\"--awb-border-radius-top-left:0px;--awb-border-radius-top-right:0px;--awb-border-radius-bottom-right:0px;--awb-border-radius-bottom-left:0px;--awb-padding-top:15%;--awb-padding-bottom:5%;--awb-background-image:linear-gradient(180deg, rgba(0,0,0,0.3) 0%,rgba(0,0,0,0.3) 100%),url(https:\/\/nuriaanglarill.com\/wp-content\/uploads\/2025\/02\/nuria-anglarill-experiencias-1.jpeg);;--awb-background-size:cover;--awb-flex-wrap:wrap;\" ><div class=\"fusion-builder-row fusion-row fusion-flex-align-items-flex-start fusion-flex-content-wrap\" style=\"max-width:1248px;margin-left: calc(-4% \/ 2 );margin-right: calc(-4% \/ 2 );\"><div class=\"fusion-layout-column fusion_builder_column fusion-builder-column-0 fusion_builder_column_1_1 1_1 fusion-flex-column\" style=\"--awb-bg-size:cover;--awb-width-large:100%;--awb-margin-top-large:0px;--awb-spacing-right-large:1.92%;--awb-margin-bottom-large:20px;--awb-spacing-left-large:1.92%;--awb-width-medium:100%;--awb-order-medium:0;--awb-spacing-right-medium:1.92%;--awb-spacing-left-medium:1.92%;--awb-width-small:100%;--awb-order-small:0;--awb-spacing-right-small:1.92%;--awb-spacing-left-small:1.92%;\"><div class=\"fusion-column-wrapper fusion-column-has-shadow fusion-flex-justify-content-flex-start fusion-content-layout-column\"><div class=\"fusion-title title fusion-title-1 fusion-sep-none fusion-title-center fusion-title-text fusion-title-size-one\" style=\"--awb-text-color:var(--awb-color1);--awb-margin-top-small:10px;--awb-margin-right-small:0px;--awb-margin-bottom-small:10px;--awb-margin-left-small:0px;\"><h1 class=\"fusion-title-heading title-heading-center\" style=\"margin:0;\">Retirs a Casa Mariona<\/h1><\/div><\/div><\/div><\/div><\/div><div class=\"fusion-fullwidth fullwidth-box fusion-builder-row-2 fusion-flex-container has-pattern-background has-mask-background hundred-percent-fullwidth non-hundred-percent-height-scrolling\" style=\"--awb-border-radius-top-left:0px;--awb-border-radius-top-right:0px;--awb-border-radius-bottom-right:0px;--awb-border-radius-bottom-left:0px;--awb-padding-top:2%;--awb-padding-bottom:2%;--awb-padding-top-small:10%;--awb-flex-wrap:wrap;\" ><div class=\"fusion-builder-row fusion-row fusion-flex-align-items-stretch fusion-flex-content-wrap\" style=\"width:104% !important;max-width:104% !important;margin-left: calc(-4% \/ 2 );margin-right: calc(-4% \/ 2 );\"><div class=\"fusion-layout-column fusion_builder_column fusion-builder-column-1 fusion_builder_column_1_1 1_1 fusion-flex-column\" style=\"--awb-padding-right:20%;--awb-padding-left:20%;--awb-padding-right-small:0px;--awb-padding-left-small:0px;--awb-bg-size:cover;--awb-width-large:100%;--awb-margin-top-large:0px;--awb-spacing-right-large:1.92%;--awb-margin-bottom-large:20px;--awb-spacing-left-large:1.92%;--awb-width-medium:100%;--awb-order-medium:0;--awb-spacing-right-medium:1.92%;--awb-spacing-left-medium:1.92%;--awb-width-small:100%;--awb-order-small:0;--awb-spacing-right-small:1.92%;--awb-spacing-left-small:1.92%;\"><div class=\"fusion-column-wrapper fusion-column-has-shadow fusion-flex-justify-content-flex-start fusion-content-layout-column\"><div class=\"fusion-title title fusion-title-2 fusion-sep-none fusion-title-center fusion-title-text fusion-title-size-three\" style=\"--awb-margin-top-small:10px;--awb-margin-right-small:0px;--awb-margin-bottom-small:10px;--awb-margin-left-small:0px;\"><h3 class=\"fusion-title-heading title-heading-center\" style=\"margin:0;\">Gaudeix dels nostres retirs, cuida\u2019t i reconnecta amb la teva millor versi\u00f3<\/h3><\/div><div class=\"fusion-text fusion-text-1\"><p style=\"text-align: center;\"><span style=\"font-weight: 400;\">Tot i que de vegades ens pot resultar complex trobar el moment per desconnectar i buscar temps per a nosaltres mateixos, \u00e9s molt important fer-ho. Et proposo un retir perqu\u00e8 trobis aquest temps per a tu i puguis reconnectar amb la teva millor versi\u00f3. Durant dos dies i una nit desconnectar\u00e0s del teu dia a dia i et retrobar\u00e0s en un entorn de pau.\u00a0<\/span><\/p>\n<\/div><\/div><\/div><\/div><\/div><div class=\"fusion-fullwidth fullwidth-box fusion-builder-row-3 fusion-flex-container has-pattern-background has-mask-background hundred-percent-fullwidth non-hundred-percent-height-scrolling\" style=\"--awb-border-radius-top-left:0px;--awb-border-radius-top-right:0px;--awb-border-radius-bottom-right:0px;--awb-border-radius-bottom-left:0px;--awb-padding-top:2%;--awb-padding-bottom:2%;--awb-flex-wrap:wrap;\" ><div class=\"fusion-builder-row fusion-row fusion-flex-align-items-flex-start fusion-flex-content-wrap\" style=\"width:104% !important;max-width:104% !important;margin-left: calc(-4% \/ 2 );margin-right: calc(-4% \/ 2 );\"><div class=\"fusion-layout-column fusion_builder_column fusion-builder-column-2 fusion_builder_column_1_2 1_2 fusion-flex-column\" style=\"--awb-bg-size:cover;--awb-width-large:50%;--awb-margin-top-large:0px;--awb-spacing-right-large:3.84%;--awb-margin-bottom-large:20px;--awb-spacing-left-large:3.84%;--awb-width-medium:50%;--awb-order-medium:0;--awb-spacing-right-medium:3.84%;--awb-spacing-left-medium:3.84%;--awb-width-small:100%;--awb-order-small:0;--awb-spacing-right-small:1.92%;--awb-spacing-left-small:1.92%;\"><div class=\"fusion-column-wrapper fusion-column-has-shadow fusion-flex-justify-content-flex-start fusion-content-layout-column\"><div class=\"fusion-title title fusion-title-3 fusion-sep-none fusion-title-text fusion-title-size-three\" style=\"--awb-margin-top-small:10px;--awb-margin-right-small:0px;--awb-margin-bottom-small:10px;--awb-margin-left-small:0px;\"><h3 class=\"fusion-title-heading title-heading-left\" style=\"margin:0;\">Qu\u00e8 tenen d\u2019especial els retirs a Casa Mariona?<\/h3><\/div><div class=\"fusion-text fusion-text-2\"><p><span style=\"font-weight: 400;\">Els retirs que organitzo a Casa Mariona s\u00f3n una experi\u00e8ncia \u00fanica per desconnectar, relaxar-se, carregar piles i tornar a casa amb m\u00e9s for\u00e7a per encarar els reptes i desafiaments que et planteja el dia a dia.\u00a0<\/span><\/p>\n<p><span style=\"font-weight: 400;\">Casa Mariona est\u00e0 ubicada al poble de Sant Mateu de Bages (08263) a una hora de Barcelona i a 15 minuts de Manresa.<\/span><\/p>\n<p><span style=\"font-weight: 400;\">Aquest poble rural enmig de la natura \u00e9s l\u2019entorn ideal per reduir l\u2019estr\u00e8s i aconseguir augmentar els teus nivells d\u2019energia.<\/span><\/p>\n<\/div><\/div><\/div><\/div><\/div><div class=\"fusion-fullwidth fullwidth-box fusion-builder-row-4 fusion-flex-container has-pattern-background has-mask-background hundred-percent-fullwidth non-hundred-percent-height-scrolling\" style=\"--awb-border-radius-top-left:0px;--awb-border-radius-top-right:0px;--awb-border-radius-bottom-right:0px;--awb-border-radius-bottom-left:0px;--awb-padding-top:2%;--awb-padding-bottom:2%;--awb-flex-wrap:wrap;\" ><div class=\"fusion-builder-row fusion-row fusion-flex-align-items-flex-start fusion-flex-content-wrap\" style=\"width:104% !important;max-width:104% !important;margin-left: calc(-4% \/ 2 );margin-right: calc(-4% \/ 2 );\"><div class=\"fusion-layout-column fusion_builder_column fusion-builder-column-3 fusion_builder_column_1_2 1_2 fusion-flex-column\" style=\"--awb-bg-size:cover;--awb-width-large:50%;--awb-margin-top-large:0px;--awb-spacing-right-large:3.84%;--awb-margin-bottom-large:20px;--awb-spacing-left-large:3.84%;--awb-width-medium:50%;--awb-order-medium:0;--awb-spacing-right-medium:3.84%;--awb-spacing-left-medium:3.84%;--awb-width-small:100%;--awb-order-small:0;--awb-spacing-right-small:1.92%;--awb-spacing-left-small:1.92%;\"><div class=\"fusion-column-wrapper fusion-column-has-shadow fusion-flex-justify-content-flex-start fusion-content-layout-column\"><\/div><\/div><div class=\"fusion-layout-column fusion_builder_column fusion-builder-column-4 fusion_builder_column_1_2 1_2 fusion-flex-column\" style=\"--awb-bg-size:cover;--awb-width-large:50%;--awb-margin-top-large:0px;--awb-spacing-right-large:3.84%;--awb-margin-bottom-large:20px;--awb-spacing-left-large:3.84%;--awb-width-medium:50%;--awb-order-medium:0;--awb-spacing-right-medium:3.84%;--awb-spacing-left-medium:3.84%;--awb-width-small:100%;--awb-order-small:0;--awb-spacing-right-small:1.92%;--awb-spacing-left-small:1.92%;\"><div class=\"fusion-column-wrapper fusion-column-has-shadow fusion-flex-justify-content-flex-start fusion-content-layout-column\"><div class=\"fusion-title title fusion-title-4 fusion-sep-none fusion-title-text fusion-title-size-two\" style=\"--awb-margin-top-small:10px;--awb-margin-right-small:0px;--awb-margin-bottom-small:10px;--awb-margin-left-small:0px;\"><h2 class=\"fusion-title-heading title-heading-left\" style=\"margin:0;\">Proper retir a casa Mariona del 13 al 15 de Juny<\/h2><\/div><div class=\"fusion-title title fusion-title-5 fusion-sep-none fusion-title-text fusion-title-size-three\" style=\"--awb-margin-top-small:10px;--awb-margin-right-small:0px;--awb-margin-bottom-small:10px;--awb-margin-left-small:0px;\"><h3 class=\"fusion-title-heading title-heading-left\" style=\"margin:0;\">On ens allotjarem?<\/h3><\/div><div class=\"fusion-text fusion-text-3\"><p><span style=\"font-weight: 400;\">Durant el retir, ens allotjarem a la casa rural Can Pla, una masia t\u00edpica de la zona acabada de restaurar que est\u00e0 al costat de casa meva, Casa Mariona.\u00a0<\/span><\/p>\n<\/div><div class=\"fusion-title title fusion-title-6 fusion-sep-none fusion-title-text fusion-title-size-three\" style=\"--awb-margin-top-small:10px;--awb-margin-right-small:0px;--awb-margin-bottom-small:10px;--awb-margin-left-small:0px;\"><h3 class=\"fusion-title-heading title-heading-left\" style=\"margin:0;\">Qu\u00e8 ens aporta l\u2019entorn?<\/h3><\/div><div class=\"fusion-text fusion-text-4\"><p><span style=\"font-weight: 400;\">Tindrem molt espai perqu\u00e8 gaudeixis de l\u2019entorn plenament i activis tots els teus sentits durant la pr\u00e0ctica del ioga. Estimular\u00e0s la teva vista amb uns paisatges que aporten pau. Notar\u00e0s com la brisa t\u2019acarona suaument. Gaudir\u00e0s de l\u2019olor i els sons que despr\u00e8n la natura que t\u2019envolta.\u00a0<\/span><\/p>\n<\/div><\/div><\/div><\/div><\/div><div class=\"fusion-fullwidth fullwidth-box fusion-builder-row-5 fusion-flex-container has-pattern-background has-mask-background hundred-percent-fullwidth non-hundred-percent-height-scrolling\" style=\"--awb-border-radius-top-left:0px;--awb-border-radius-top-right:0px;--awb-border-radius-bottom-right:0px;--awb-border-radius-bottom-left:0px;--awb-padding-top:2%;--awb-padding-bottom:2%;--awb-flex-wrap:wrap;\" ><div class=\"fusion-builder-row fusion-row fusion-flex-align-items-flex-start fusion-flex-content-wrap\" style=\"width:104% !important;max-width:104% !important;margin-left: calc(-4% \/ 2 );margin-right: calc(-4% \/ 2 );\"><div class=\"fusion-layout-column fusion_builder_column fusion-builder-column-5 fusion_builder_column_1_2 1_2 fusion-flex-column\" style=\"--awb-bg-size:cover;--awb-width-large:50%;--awb-margin-top-large:0px;--awb-spacing-right-large:3.84%;--awb-margin-bottom-large:20px;--awb-spacing-left-large:3.84%;--awb-width-medium:50%;--awb-order-medium:0;--awb-spacing-right-medium:3.84%;--awb-spacing-left-medium:3.84%;--awb-width-small:100%;--awb-order-small:0;--awb-spacing-right-small:1.92%;--awb-spacing-left-small:1.92%;\"><div class=\"fusion-column-wrapper fusion-column-has-shadow fusion-flex-justify-content-flex-start fusion-content-layout-column\"><div class=\"fusion-title title fusion-title-7 fusion-sep-none fusion-title-text fusion-title-size-three\" style=\"--awb-margin-top-small:10px;--awb-margin-right-small:0px;--awb-margin-bottom-small:10px;--awb-margin-left-small:0px;\"><h3 class=\"fusion-title-heading title-heading-left\" style=\"margin:0;\">Qu\u00e8 menjarem?<\/h3><\/div><div class=\"fusion-text fusion-text-5\"><p><span style=\"font-weight: 400;\">Tant els dinars com els sopars seran vegetarians. Si tens alguna mena d\u2019intoler\u00e0ncia o al\u00b7l\u00e8rgia, no et preocupis. Ens ho comuniques quan reservis la teva pla\u00e7a del retir i ho tindrem en compte.\u00a0<\/span><\/p>\n<\/div><div class=\"fusion-title title fusion-title-8 fusion-sep-none fusion-title-text fusion-title-size-three\" style=\"--awb-margin-top-small:10px;--awb-margin-right-small:0px;--awb-margin-bottom-small:10px;--awb-margin-left-small:0px;\"><h3 class=\"fusion-title-heading title-heading-left\" style=\"margin:0;\">\u00bfCu\u00e1les son los horarios del retiro?<\/h3><\/div><div class=\"fusion-text fusion-text-6\"><p>TIMMING<\/p>\n<\/div><div class=\"fusion-title title fusion-title-9 fusion-sep-none fusion-title-text fusion-title-size-three\" style=\"--awb-margin-top-small:10px;--awb-margin-right-small:0px;--awb-margin-bottom-small:10px;--awb-margin-left-small:0px;\"><h3 class=\"fusion-title-heading title-heading-left\" style=\"margin:0;\">Qu\u00e8 inclou el retir?<\/h3><\/div><div class=\"fusion-text fusion-text-7\"><ul>\n<li>Allotjament a la casa rural Can Pla ( 1nit+ 2 dies)<\/li>\n<li>Tots els esmorzars, dinars, sopars i snacks de dieta vegetariana<\/li>\n<li>Classes de ioga i meditaci\u00f3<\/li>\n<li>Tot el material necessari per practicar ioga<\/li>\n<li>Caminades per la natura<\/li>\n<li>Activitats de benestar<\/li>\n<li>Espais de relaxaci\u00f3 i connexi\u00f3<\/li>\n<\/ul>\n<\/div><\/div><\/div><div class=\"fusion-layout-column fusion_builder_column fusion-builder-column-6 fusion_builder_column_1_2 1_2 fusion-flex-column\" style=\"--awb-bg-size:cover;--awb-width-large:50%;--awb-margin-top-large:0px;--awb-spacing-right-large:3.84%;--awb-margin-bottom-large:20px;--awb-spacing-left-large:3.84%;--awb-width-medium:50%;--awb-order-medium:0;--awb-spacing-right-medium:3.84%;--awb-spacing-left-medium:3.84%;--awb-width-small:100%;--awb-order-small:0;--awb-spacing-right-small:1.92%;--awb-spacing-left-small:1.92%;\"><div class=\"fusion-column-wrapper fusion-column-has-shadow fusion-flex-justify-content-flex-start fusion-content-layout-column\"><\/div><\/div><\/div><\/div><div class=\"fusion-fullwidth fullwidth-box fusion-builder-row-6 fusion-flex-container has-pattern-background has-mask-background hundred-percent-fullwidth non-hundred-percent-height-scrolling\" style=\"--awb-border-radius-top-left:0px;--awb-border-radius-top-right:0px;--awb-border-radius-bottom-right:0px;--awb-border-radius-bottom-left:0px;--awb-padding-top:3%;--awb-padding-bottom:3%;--awb-background-color:#636e49;--awb-flex-wrap:wrap;\" ><div class=\"fusion-builder-row fusion-row fusion-flex-align-items-center fusion-flex-content-wrap\" style=\"width:104% !important;max-width:104% !important;margin-left: calc(-4% \/ 2 );margin-right: calc(-4% \/ 2 );\"><div class=\"fusion-layout-column fusion_builder_column fusion-builder-column-7 fusion_builder_column_1_2 1_2 fusion-flex-column\" style=\"--awb-bg-size:cover;--awb-width-large:50%;--awb-margin-top-large:0px;--awb-spacing-right-large:3.84%;--awb-margin-bottom-large:20px;--awb-spacing-left-large:3.84%;--awb-width-medium:50%;--awb-order-medium:0;--awb-spacing-right-medium:3.84%;--awb-spacing-left-medium:3.84%;--awb-width-small:100%;--awb-order-small:0;--awb-spacing-right-small:1.92%;--awb-spacing-left-small:1.92%;\"><div class=\"fusion-column-wrapper fusion-column-has-shadow fusion-flex-justify-content-flex-start fusion-content-layout-column\"><div class=\"fusion-title title fusion-title-10 fusion-sep-none fusion-title-text fusion-title-size-three\" style=\"--awb-text-color:#ffffff;--awb-margin-top-small:10px;--awb-margin-right-small:0px;--awb-margin-bottom-small:10px;--awb-margin-left-small:0px;\"><h3 class=\"fusion-title-heading title-heading-left\" style=\"margin:0;\">Com arribar al RETIR?<\/h3><\/div><div class=\"fusion-text fusion-text-8\" style=\"--awb-text-color:var(--awb-color1);\"><p><span style=\"font-weight: 400;\">El preu del retir no inclou el despla\u00e7ament. S\u2019hi pot arribar en cotxe privat, en bus amb transport p\u00fablic Alsa (sortida des de Barcelona Estaci\u00f3 del Nord, dissabte a les 6h amb arribada a les 7.30h. Sortida diumenge a les 18.15 amb arribada a Barcelona Estaci\u00f3 del NJord a les 19.50h).<\/span><\/p>\n<p><span style=\"font-weight: 400;\">Tamb\u00e9 hi ha l\u2019opci\u00f3 d\u2019organitzar transport privat des de Barcelona Sants de pujada + baixada amb un cost extra de 25\u20ac segons demanda.<\/span><\/p>\n<\/div><div class=\"fusion-text fusion-text-9\" style=\"--awb-text-color:var(--awb-color1);\"><p style=\"text-align: left;\"><span style=\"font-weight: 400;\">Tenim 8 places disponibles i s\u2019assignaran per ordre de confirmaci\u00f3.<\/span><\/p>\n<\/div><div class=\"fusion-text fusion-text-10\" style=\"--awb-font-size:20px;--awb-text-color:#ffffff;\"><p>El preu del retir \u00e9s de 245\u202f\u20ac<\/p>\n<\/div><div style=\"text-align:left;\"><a class=\"fusion-button button-flat fusion-button-default-size button-default fusion-button-default button-1 fusion-button-default-span fusion-button-default-type\" target=\"_self\" href=\"https:\/\/nuriaanglarill.com\/ca\/yoga\/un-dia-de-ioga-i-benestar-en-plena-naturalesa\/\"><span class=\"fusion-button-text awb-button__text awb-button__text--default\">Inscripcions obertes: reserva ja la teva pla\u00e7a!<\/span><\/a><\/div><\/div><\/div><div class=\"fusion-layout-column fusion_builder_column fusion-builder-column-8 fusion_builder_column_1_2 1_2 fusion-flex-column\" style=\"--awb-bg-size:cover;--awb-width-large:50%;--awb-margin-top-large:0px;--awb-spacing-right-large:3.84%;--awb-margin-bottom-large:20px;--awb-spacing-left-large:3.84%;--awb-width-medium:50%;--awb-order-medium:0;--awb-spacing-right-medium:3.84%;--awb-spacing-left-medium:3.84%;--awb-width-small:100%;--awb-order-small:0;--awb-spacing-right-small:1.92%;--awb-spacing-left-small:1.92%;\"><div class=\"fusion-column-wrapper fusion-column-has-shadow fusion-flex-justify-content-flex-start fusion-content-layout-column\"><div class=\"fusion-form fusion-form-builder fusion-form-form-wrapper fusion-form-1424\" style=\"--awb-tooltip-text-color:#ffffff;--awb-tooltip-background-color:#333333;\" data-form-id=\"1424\" data-config=\"{&quot;form_id&quot;:1424,&quot;form_post_id&quot;:1424,&quot;post_id&quot;:1359,&quot;form_type&quot;:&quot;ajax&quot;,&quot;confirmation_type&quot;:&quot;message&quot;,&quot;redirect_url&quot;:&quot;&quot;,&quot;redirect_timeout&quot;:&quot;0&quot;,&quot;field_labels&quot;:{&quot;nom&quot;:&quot;&quot;,&quot;correu&quot;:&quot;&quot;,&quot;mensaje&quot;:&quot;&quot;},&quot;field_logics&quot;:{&quot;nom&quot;:&quot;&quot;,&quot;correu&quot;:&quot;&quot;,&quot;mensaje&quot;:&quot;&quot;,&quot;submit_1&quot;:&quot;&quot;},&quot;field_types&quot;:{&quot;nom&quot;:&quot;text&quot;,&quot;correu&quot;:&quot;text&quot;,&quot;mensaje&quot;:&quot;textarea&quot;,&quot;submit_1&quot;:&quot;submit&quot;},&quot;nonce_method&quot;:&quot;ajax&quot;,&quot;form_views&quot;:&quot;ajax&quot;,&quot;form_views_counting&quot;:&quot;all&quot;}\"><form action=\"https:\/\/nuriaanglarill.com\/ca\/retirs-a-casa-mariona\/\" method=\"post\" class=\"fusion-form fusion-form-1424\"><div class=\"fusion-fullwidth fullwidth-box fusion-builder-row-6-1 fusion-flex-container has-pattern-background has-mask-background nonhundred-percent-fullwidth non-hundred-percent-height-scrolling\" style=\"--awb-border-radius-top-left:0px;--awb-border-radius-top-right:0px;--awb-border-radius-bottom-right:0px;--awb-border-radius-bottom-left:0px;--awb-flex-wrap:wrap;\" ><div class=\"fusion-builder-row fusion-row fusion-flex-align-items-flex-start fusion-flex-content-wrap\" style=\"width:104% !important;max-width:104% !important;margin-left: calc(-4% \/ 2 );margin-right: calc(-4% \/ 2 );\"><div class=\"fusion-layout-column fusion_builder_column fusion-builder-column-9 fusion_builder_column_1_2 1_2 fusion-flex-column\" style=\"--awb-bg-size:cover;--awb-width-large:50%;--awb-flex-grow:0;--awb-flex-shrink:0;--awb-margin-top-large:0px;--awb-spacing-right-large:3.84%;--awb-margin-bottom-large:20px;--awb-spacing-left-large:3.84%;--awb-width-medium:50%;--awb-order-medium:0;--awb-flex-grow-medium:0;--awb-flex-shrink-medium:0;--awb-spacing-right-medium:3.84%;--awb-spacing-left-medium:3.84%;--awb-width-small:100%;--awb-order-small:0;--awb-flex-grow-small:0;--awb-flex-shrink-small:0;--awb-spacing-right-small:1.92%;--awb-spacing-left-small:1.92%;\"><div class=\"fusion-column-wrapper fusion-column-has-shadow fusion-flex-justify-content-flex-start fusion-content-layout-column\"><div class=\"fusion-form-field fusion-form-text-field fusion-form-label-above\" style=\"\" data-form-id=\"1424\"><input type=\"text\" autocomplete=\"off\" name=\"nom\" id=\"nom\" value=\"\"  class=\"fusion-form-input\" placeholder=\"Nom \" data-holds-private-data=\"false\" minlength=\"0\"\/><\/div><\/div><\/div><div class=\"fusion-layout-column fusion_builder_column fusion-builder-column-10 fusion_builder_column_1_2 1_2 fusion-flex-column\" style=\"--awb-bg-size:cover;--awb-width-large:50%;--awb-flex-grow:0;--awb-flex-shrink:0;--awb-margin-top-large:0px;--awb-spacing-right-large:3.84%;--awb-margin-bottom-large:20px;--awb-spacing-left-large:3.84%;--awb-width-medium:50%;--awb-order-medium:0;--awb-flex-grow-medium:0;--awb-flex-shrink-medium:0;--awb-spacing-right-medium:3.84%;--awb-spacing-left-medium:3.84%;--awb-width-small:100%;--awb-order-small:0;--awb-flex-grow-small:0;--awb-flex-shrink-small:0;--awb-spacing-right-small:1.92%;--awb-spacing-left-small:1.92%;\"><div class=\"fusion-column-wrapper fusion-column-has-shadow fusion-flex-justify-content-flex-start fusion-content-layout-column\"><div class=\"fusion-form-field fusion-form-text-field fusion-form-label-above\" style=\"\" data-form-id=\"1424\"><input type=\"text\" autocomplete=\"off\" name=\"correu\" id=\"correu\" value=\"\"  class=\"fusion-form-input\" placeholder=\"Correu electr\u00f3nic \" data-holds-private-data=\"false\" minlength=\"0\"\/><\/div><\/div><\/div><div class=\"fusion-layout-column fusion_builder_column fusion-builder-column-11 fusion_builder_column_1_1 1_1 fusion-flex-column\" style=\"--awb-bg-size:cover;--awb-width-large:100%;--awb-flex-grow:0;--awb-flex-shrink:0;--awb-margin-top-large:0px;--awb-spacing-right-large:1.92%;--awb-margin-bottom-large:20px;--awb-spacing-left-large:1.92%;--awb-width-medium:100%;--awb-order-medium:0;--awb-flex-grow-medium:0;--awb-flex-shrink-medium:0;--awb-spacing-right-medium:1.92%;--awb-spacing-left-medium:1.92%;--awb-width-small:100%;--awb-order-small:0;--awb-flex-grow-small:0;--awb-flex-shrink-small:0;--awb-spacing-right-small:1.92%;--awb-spacing-left-small:1.92%;\"><div class=\"fusion-column-wrapper fusion-column-has-shadow fusion-flex-justify-content-flex-start fusion-content-layout-column\"><div class=\"fusion-form-field fusion-form-textarea-field fusion-form-label-above\" style=\"\" data-form-id=\"1424\"><textarea cols=\"40\" autocomplete=\"off\"  minlength=\"0\"  rows=\"2\" tabindex=\"\" id=\"mensaje\" name=\"mensaje\" class=\"fusion-form-input\" placeholder=\"Missatge \" data-holds-private-data=\"false\"><\/textarea><\/div><div class=\"fusion-form-field fusion-form-submit-field fusion-form-label-above\" style=\"\" data-form-id=\"1424\"><div ><button type=\"submit\" class=\"fusion-button button-flat fusion-button-default-size button-default fusion-button-default button-2 fusion-button-default-span  button-default form-form-submit\" data-form-number=\"1424\" tabindex=\"\"><span class=\"fusion-button-text awb-button__text awb-button__text--default\">Enviar<\/span><\/button><\/div><\/div><\/div><\/div><\/div><\/div><input type=\"hidden\" name=\"fusion_privacy_expiration_interval\" value=\"48\"><input type=\"hidden\" name=\"privacy_expiration_action\" value=\"anonymize\"><\/form><\/div><div class=\"accordian fusion-accordian\" style=\"--awb-border-size:1px;--awb-icon-size:16px;--awb-icon-alignment:left;--awb-hover-color:var(--awb-color2);--awb-border-color:var(--awb-color3);--awb-background-color:var(--awb-color1);--awb-divider-color:var(--awb-color3);--awb-divider-hover-color:var(--awb-color3);--awb-icon-color:var(--awb-color1);--awb-title-color:var(--awb-color1);--awb-content-color:var(--awb-color1);--awb-icon-box-color:var(--awb-color8);--awb-toggle-hover-accent-color:var(--awb-color5);--awb-title-font-family:&quot;Poppins&quot;;--awb-title-font-weight:400;--awb-title-font-style:normal;\"><div class=\"panel-group fusion-toggle-icon-boxed\" id=\"accordion-1359-1\"><div class=\"fusion-panel panel-default panel-36d5b4ace42586319 fusion-toggle-has-divider\" style=\"--awb-title-color:var(--awb-color8);--awb-content-color:var(--awb-color8);\"><div class=\"panel-heading\"><div class=\"panel-title toggle\" id=\"toggle_36d5b4ace42586319\"><a aria-expanded=\"false\" aria-controls=\"36d5b4ace42586319\" role=\"button\" data-toggle=\"collapse\" data-parent=\"#accordion-1359-1\" data-target=\"#36d5b4ace42586319\" href=\"#36d5b4ace42586319\"><span class=\"fusion-toggle-icon-wrapper\" aria-hidden=\"true\"><i class=\"fa-fusion-box active-icon awb-icon-minus\" aria-hidden=\"true\"><\/i><i class=\"fa-fusion-box inactive-icon awb-icon-plus\" aria-hidden=\"true\"><\/i><\/span><span class=\"fusion-toggle-heading\">Pol\u00edtica de cancel\u00b7laci\u00f3<\/span><\/a><\/div><\/div><div id=\"36d5b4ace42586319\" class=\"panel-collapse collapse \" aria-labelledby=\"toggle_36d5b4ace42586319\"><div class=\"panel-body toggle-content fusion-clearfix\">\n<ul>\n<li>Per reservar la teva pla\u00e7a cal fer una transfer\u00e8ncia de 100\u20ac.<\/li>\n<li>Nom\u00e9s es torn el 50% de la reserva si cancel\u00b7les fins a 30 dies abans. Sin\u00f3, no es torna la reserva.<\/li>\n<li>Si cancel\u00b7les 2 setmanes abans (Sense un motiu m\u00e8dic justificat) cal abonar l\u2019import total del retir.<\/li>\n<\/ul>\n<\/div><\/div><\/div><\/div><\/div><\/div><\/div><\/div><\/div><div class=\"fusion-fullwidth fullwidth-box fusion-builder-row-7 fusion-flex-container has-pattern-background has-mask-background hundred-percent-fullwidth non-hundred-percent-height-scrolling\" style=\"--awb-border-radius-top-left:0px;--awb-border-radius-top-right:0px;--awb-border-radius-bottom-right:0px;--awb-border-radius-bottom-left:0px;--awb-padding-top:2%;--awb-padding-bottom:2%;--awb-flex-wrap:wrap;\" ><div class=\"fusion-builder-row fusion-row fusion-flex-align-items-stretch fusion-flex-content-wrap\" style=\"width:104% !important;max-width:104% !important;margin-left: calc(-4% \/ 2 );margin-right: calc(-4% \/ 2 );\"><div class=\"fusion-layout-column fusion_builder_column fusion-builder-column-12 fusion_builder_column_1_1 1_1 fusion-flex-column fusion-flex-align-self-stretch\" style=\"--awb-bg-size:cover;--awb-width-large:100%;--awb-flex-grow:0;--awb-flex-shrink:0;--awb-margin-top-large:0px;--awb-spacing-right-large:1.92%;--awb-margin-bottom-large:20px;--awb-spacing-left-large:1.92%;--awb-width-medium:100%;--awb-order-medium:0;--awb-flex-grow-medium:0;--awb-flex-shrink-medium:0;--awb-spacing-right-medium:1.92%;--awb-spacing-left-medium:1.92%;--awb-width-small:100%;--awb-order-small:0;--awb-flex-grow-small:0;--awb-flex-shrink-small:0;--awb-spacing-right-small:1.92%;--awb-spacing-left-small:1.92%;\"><div class=\"fusion-column-wrapper fusion-column-has-shadow fusion-flex-justify-content-flex-start fusion-content-layout-column\"><div class=\"fusion-title title fusion-title-11 fusion-sep-none fusion-title-text fusion-title-size-three\" style=\"--awb-margin-top-small:10px;--awb-margin-right-small:0px;--awb-margin-bottom-small:10px;--awb-margin-left-small:0px;\"><h3 class=\"fusion-title-heading title-heading-left\" style=\"margin:0;\">Ells ja han gaudit dels nostres retirs, qu\u00e8 esperes?<\/h3><\/div><div class=\"fusion-testimonials classic awb-speech-bubble-hide fusion-testimonials-1\" style=\"--awb-textcolor:var(--awb-color8);--awb-backgroundcolor:var(--awb-color2);--awb-testimonial-border-style:solid;--awb-testimonial-border-color:var(--awb-color3);--awb-navigation-size:12px;--awb-border-top-left-radius:0px;--awb-border-top-right-radius:0px;--awb-border-bottom-left-radius:0px;--awb-border-bottom-right-radius:0px;--testimonial-border-width-top:0px;--testimonial-border-width-right:0px;--testimonial-border-width-bottom:0px;--testimonial-border-width-left:0px;\" data-random=\"0\" data-speed=\"4000\"><div class=\"reviews\"><div class=\"review active-testimonial male\"><blockquote><div class=\"awb-quote\"><div class=\"awb-quote-content\">\n<div id=\"comp-l13b4j5k\" class=\"HcOXKn c9GqVL QxJLC3 lq2cno YQcXTT comp-l13b4j5k wixui-rich-text\" data-testid=\"richTextElement\">\n<p class=\"font_8 wixui-rich-text__text\"><span class=\"wixui-rich-text__text\"><span class=\"color_17 wixui-rich-text__text\">\u00abGracias por tus sesiones! No sabes lo bien que me qued\u00e9 despu\u00e9s de la pr\u00e1ctica. Amanec\u00ed con mucho dolor de cabeza y me qued\u00e9 totalmente liberada. Gracias.\u00bb<\/span><\/span><\/p>\n<\/div>\n<\/div><\/div><\/blockquote><div class=\"author\"><span class=\"testimonial-thumbnail doe\"><\/span><span class=\"company-name\"><strong>Ruth<\/strong><\/span><\/div><\/div><div class=\"review male\"><blockquote><div class=\"awb-quote\"><div class=\"awb-quote-content\">\n<div id=\"comp-l13b4j5k\" class=\"HcOXKn c9GqVL QxJLC3 lq2cno YQcXTT comp-l13b4j5k wixui-rich-text\" data-testid=\"richTextElement\">\n<div id=\"comp-l13b3s1y1\" class=\"HcOXKn c9GqVL QxJLC3 lq2cno YQcXTT comp-l13b3s1y1 wixui-rich-text\" data-testid=\"richTextElement\">\n<p class=\"font_8 wixui-rich-text__text\"><span class=\"color_18 wixui-rich-text__text\"><span class=\"wixui-rich-text__text\">\u00abHola N\u00faria! Soy principiante y llevo 2 semanas haciendo yoga contigo sobre todo torsiones porque tengo problemas de articulaciones. Desde que estoy practicando yoga soy otra persona al levantarme sin dolores para mi es como volver a nacer de nuevo. solo quer\u00eda darte las gracias por todo lo que haces.\u00bb<\/span><\/span><\/p>\n<\/div>\n<\/div>\n<\/div><\/div><\/blockquote><div class=\"author\"><span class=\"testimonial-thumbnail doe\"><\/span><span class=\"company-name\"><strong>Xeli<\/strong><\/span><\/div><\/div><div class=\"review male\"><blockquote><div class=\"awb-quote\"><div class=\"awb-quote-content\">\n<div id=\"comp-l13b4j5k\" class=\"HcOXKn c9GqVL QxJLC3 lq2cno YQcXTT comp-l13b4j5k wixui-rich-text\" data-testid=\"richTextElement\">\n<div id=\"comp-l13b59sg\" class=\"HcOXKn c9GqVL QxJLC3 lq2cno YQcXTT comp-l13b59sg wixui-rich-text\" data-testid=\"richTextElement\">\n<p class=\"font_8 wixui-rich-text__text\"><span class=\"wixui-rich-text__text\"><span class=\"color_17 wixui-rich-text__text\">\u00abHola N\u00faria! Nada, solo quer\u00eda decirte que la clase de ayer fue genial. Estaba un poco nerviosa al principio pero luego pens\u00e9 que era igual que lo que hab\u00eda estado haciendo hasta ahora pero mejor! Me siento parte de un grupo, de una comunidad. Tengo much\u00edsimas ganas de seguir tus clases. Nos vemos la semana que viene.\u00bb<\/span><\/span><\/p>\n<\/div>\n<\/div>\n<\/div><\/div><\/blockquote><div class=\"author\"><span class=\"testimonial-thumbnail doe\"><\/span><span class=\"company-name\"><strong>Elena<\/strong><\/span><\/div><\/div><div class=\"review male\"><blockquote><div class=\"awb-quote\"><div class=\"awb-quote-content\">\n<div id=\"comp-l13b4j5k\" class=\"HcOXKn c9GqVL QxJLC3 lq2cno YQcXTT comp-l13b4j5k wixui-rich-text\" data-testid=\"richTextElement\">\n<div id=\"comp-l13b3s29\" class=\"HcOXKn c9GqVL QxJLC3 lq2cno YQcXTT comp-l13b3s29 wixui-rich-text\" data-testid=\"richTextElement\">\n<p class=\"font_8 wixui-rich-text__text\"><span class=\"color_18 wixui-rich-text__text\"><span class=\"wixui-rich-text__text\">\u00abHola N\u00faria, acabo de terminar la pr\u00e1ctica de yoga contigo. Solo decirte que ha sido incre\u00edble, super relajante y como ense\u00f1as a tener consciencia de nuestro cuerpo\u2026 al final hoy en d\u00eda con tanta prisa, el trabajo no nos damos cuenta de lo valioso que es nuestro cuerpo. Mil gracias por la clase de hoy ha sido incre\u00edble.\u00bb<\/span><\/span><\/p>\n<\/div>\n<div id=\"comp-l13b3s2b1\" class=\"HcOXKn c9GqVL QxJLC3 lq2cno YQcXTT comp-l13b3s2b1 wixui-rich-text\" data-testid=\"richTextElement\"><\/div>\n<\/div>\n<\/div><\/div><\/blockquote><div class=\"author\"><span class=\"testimonial-thumbnail doe\"><\/span><span class=\"company-name\"><strong>Luc\u00eda<\/strong><\/span><\/div><\/div><div class=\"review male\"><blockquote><div class=\"awb-quote\"><div class=\"awb-quote-content\">\n<div id=\"comp-l13b4j5k\" class=\"HcOXKn c9GqVL QxJLC3 lq2cno YQcXTT comp-l13b4j5k wixui-rich-text\" data-testid=\"richTextElement\">\n<div id=\"comp-l13b7yb11\" class=\"HcOXKn c9GqVL QxJLC3 lq2cno YQcXTT comp-l13b7yb11 wixui-rich-text\" data-testid=\"richTextElement\">\n<p class=\"font_8 wixui-rich-text__text\"><span class=\"color_18 wixui-rich-text__text\"><span class=\"wixui-rich-text__text\">\u00abGracias! Me ha encantado la meditaci\u00f3n de hoy! He cogido la costumbre de hacerlas siempre antes de cenar, la misma hora que los lunes en el directo. Estoy muy contenta, antes no consegu\u00eda centrarme ni 5 minutos y ahora incluso estoy haciendo las m\u00e1s largas el fin de semana.\u00bb<\/span><\/span><\/p>\n<\/div>\n<div id=\"comp-l13b7yb8\" class=\"HcOXKn c9GqVL QxJLC3 lq2cno YQcXTT comp-l13b7yb8 wixui-rich-text\" data-testid=\"richTextElement\"><\/div>\n<\/div>\n<\/div><\/div><\/blockquote><div class=\"author\"><span class=\"testimonial-thumbnail doe\"><\/span><span class=\"company-name\"><strong>Paloma<\/strong><\/span><\/div><\/div><div class=\"review male\"><blockquote><div class=\"awb-quote\"><div class=\"awb-quote-content\">\n<div id=\"comp-l13b4j5k\" class=\"HcOXKn c9GqVL QxJLC3 lq2cno YQcXTT comp-l13b4j5k wixui-rich-text\" data-testid=\"richTextElement\">\n<div id=\"comp-l13b7ybf\" class=\"HcOXKn c9GqVL QxJLC3 lq2cno YQcXTT comp-l13b7ybf wixui-rich-text\" data-testid=\"richTextElement\">\n<p class=\"font_8 wixui-rich-text__text\"><span class=\"wixui-rich-text__text\"><span class=\"color_17 wixui-rich-text__text\">\u00abQue bien tus clases\u2026 esta semana he estado s\u00faper estresada por el trabajo y he sido incapaz de trabajar los equilibrios, el estr\u00e9s y los nervios han tenido la mente descentrada, pero con tu clase vuelvo a ser consciente, a volverme encontrar y a seguir. Hoy he vuelto a poder hacer los equilibrios bien. Una y mil veces, gracias por estar en mi vida.\u00bb<\/span><\/span><\/p>\n<\/div>\n<\/div>\n<\/div><\/div><\/blockquote><div class=\"author\"><span class=\"testimonial-thumbnail doe\"><\/span><span class=\"company-name\"><strong>Jessica<\/strong><\/span><\/div><\/div><div class=\"review male\"><blockquote><div class=\"awb-quote\"><div class=\"awb-quote-content\">\n<div id=\"comp-l13b4j5k\" class=\"HcOXKn c9GqVL QxJLC3 lq2cno YQcXTT comp-l13b4j5k wixui-rich-text\" data-testid=\"richTextElement\">\n<div id=\"comp-l13b7ybu\" class=\"HcOXKn c9GqVL QxJLC3 lq2cno YQcXTT comp-l13b7ybu wixui-rich-text\" data-testid=\"richTextElement\">\n<p class=\"font_8 wixui-rich-text__text\"><span class=\"color_18 wixui-rich-text__text\"><span class=\"wixui-rich-text__text\">\u00abLa forma como gu\u00edas es genial y la sensaci\u00f3n del cuerpo despu\u00e9s es maravillosa. Muchas gracias por estas sesiones!\u00bb<\/span><\/span><\/p>\n<\/div>\n<\/div>\n<\/div><\/div><\/blockquote><div class=\"author\"><span class=\"testimonial-thumbnail doe\"><\/span><span class=\"company-name\"><strong>Noelia<\/strong><\/span><\/div><\/div><div class=\"review male\"><blockquote><div class=\"awb-quote\"><div class=\"awb-quote-content\">\n<div id=\"comp-l13b4j5k\" class=\"HcOXKn c9GqVL QxJLC3 lq2cno YQcXTT comp-l13b4j5k wixui-rich-text\" data-testid=\"richTextElement\">\n<div id=\"comp-l13b7yc1\" class=\"HcOXKn c9GqVL QxJLC3 lq2cno YQcXTT comp-l13b7yc1 wixui-rich-text\" data-testid=\"richTextElement\">\n<p class=\"font_8 wixui-rich-text__text\"><span class=\"wixui-rich-text__text\"><span class=\"color_17 wixui-rich-text__text\">\u00abNuria\u2026 Gracias!!! Acabo de hacer la pr\u00e1ctica del chakra de la garganta y me sent\u00ed muy bien, me cuesta expresar mis emociones y al final de la pr\u00e1ctica llor\u00e9 de alegr\u00eda y tristeza, algo se movi\u00f3 en i! Gracias por compartir tanto! Un abrazo.\u00bb<\/span><\/span><\/p>\n<\/div>\n<\/div>\n<\/div><\/div><\/blockquote><div class=\"author\"><span class=\"testimonial-thumbnail doe\"><\/span><span class=\"company-name\"><strong>Ana<\/strong><\/span><\/div><\/div><\/div><\/div><\/div><\/div><\/div><\/div><\/p>\n","protected":false},"excerpt":{"rendered":"","protected":false},"author":1,"featured_media":0,"parent":0,"menu_order":0,"comment_status":"closed","ping_status":"closed","template":"100-width.php","meta":{"footnotes":""},"class_list":["post-1359","page","type-page","status-publish","hentry"],"_links":{"self":[{"href":"https:\/\/nuriaanglarill.com\/ca\/wp-json\/wp\/v2\/pages\/1359","targetHints":{"allow":["GET"]}}],"collection":[{"href":"https:\/\/nuriaanglarill.com\/ca\/wp-json\/wp\/v2\/pages"}],"about":[{"href":"https:\/\/nuriaanglarill.com\/ca\/wp-json\/wp\/v2\/types\/page"}],"author":[{"embeddable":true,"href":"https:\/\/nuriaanglarill.com\/ca\/wp-json\/wp\/v2\/users\/1"}],"replies":[{"embeddable":true,"href":"https:\/\/nuriaanglarill.com\/ca\/wp-json\/wp\/v2\/comments?post=1359"}],"version-history":[{"count":4,"href":"https:\/\/nuriaanglarill.com\/ca\/wp-json\/wp\/v2\/pages\/1359\/revisions"}],"predecessor-version":[{"id":1423,"href":"https:\/\/nuriaanglarill.com\/ca\/wp-json\/wp\/v2\/pages\/1359\/revisions\/1423"}],"wp:attachment":[{"href":"https:\/\/nuriaanglarill.com\/ca\/wp-json\/wp\/v2\/media?parent=1359"}],"curies":[{"name":"wp","href":"https:\/\/api.w.org\/{rel}","templated":true}]}}